{"id":77,"date":"2022-10-12T09:30:36","date_gmt":"2022-10-12T07:30:36","guid":{"rendered":"https:\/\/ricaa.fr\/?page_id=77"},"modified":"2023-07-07T19:54:11","modified_gmt":"2023-07-07T17:54:11","slug":"programmation","status":"publish","type":"page","link":"https:\/\/ricaa.fr\/?page_id=77","title":{"rendered":"Replay 2023"},"content":{"rendered":"\n<div class=\"wp-block-media-text alignwide is-stacked-on-mobile\" style=\"grid-template-columns:37% auto\"><figure class=\"wp-block-media-text__media\"><img loading=\"lazy\" decoding=\"async\" width=\"1024\" height=\"749\" src=\"https:\/\/ricaa.fr\/wp-content\/uploads\/2023\/06\/Programme-1024x749.png\" alt=\"\" class=\"wp-image-678 size-full\" srcset=\"https:\/\/ricaa.fr\/wp-content\/uploads\/2023\/06\/Programme-1024x749.png 1024w, https:\/\/ricaa.fr\/wp-content\/uploads\/2023\/06\/Programme-300x219.png 300w, https:\/\/ricaa.fr\/wp-content\/uploads\/2023\/06\/Programme-768x562.png 768w, https:\/\/ricaa.fr\/wp-content\/uploads\/2023\/06\/Programme.png 1177w\" sizes=\"auto, (max-width: 1024px) 100vw, 1024px\" \/><\/figure><div class=\"wp-block-media-text__content\">\n<p class=\"has-large-font-size\">Programme RICAA 2023 : <a rel=\"noreferrer noopener\" href=\"http:\/\/ricaa.fr\/wp-content\/uploads\/2023\/06\/RICAA-Programme-definitif-imprimable-avec-compression.pdf\" target=\"_blank\">TELECHARGE<\/a><a rel=\"noreferrer noopener\" href=\"http:\/\/ricaa.fr\/wp-content\/uploads\/2023\/06\/PDF-RICAA2023.pdf\" target=\"_blank\">R<\/a><\/p>\n<\/div><\/div>\n\n\n\n<hr class=\"wp-block-separator has-alpha-channel-opacity\"\/>\n\n\n\n<div class=\"wp-block-media-text alignwide has-media-on-the-right is-stacked-on-mobile\"><div class=\"wp-block-media-text__content\">\n<p class=\"has-text-align-center\">Discours d&rsquo;ouverture <\/p>\n\n\n\n<p class=\"has-text-align-center\"><a rel=\"noreferrer noopener\" href=\"https:\/\/youtu.be\/UBJzst2i8lM\" target=\"_blank\">REPLAY <\/a><\/p>\n<\/div><figure class=\"wp-block-media-text__media\"><img loading=\"lazy\" decoding=\"async\" width=\"1024\" height=\"516\" src=\"https:\/\/ricaa.fr\/wp-content\/uploads\/2023\/06\/Ouverture-1024x516.png\" alt=\"\" class=\"wp-image-681 size-full\" srcset=\"https:\/\/ricaa.fr\/wp-content\/uploads\/2023\/06\/Ouverture-1024x516.png 1024w, https:\/\/ricaa.fr\/wp-content\/uploads\/2023\/06\/Ouverture-300x151.png 300w, https:\/\/ricaa.fr\/wp-content\/uploads\/2023\/06\/Ouverture-768x387.png 768w, https:\/\/ricaa.fr\/wp-content\/uploads\/2023\/06\/Ouverture.png 1234w\" sizes=\"auto, (max-width: 1024px) 100vw, 1024px\" \/><\/figure><\/div>\n\n\n\n<hr class=\"wp-block-separator has-alpha-channel-opacity\"\/>\n\n\n\n<div class=\"wp-block-media-text alignwide is-stacked-on-mobile\"><figure class=\"wp-block-media-text__media\"><img loading=\"lazy\" decoding=\"async\" width=\"1024\" height=\"437\" src=\"https:\/\/ricaa.fr\/wp-content\/uploads\/2023\/06\/Jane-F-1-1024x437.png\" alt=\"\" class=\"wp-image-682 size-full\" srcset=\"https:\/\/ricaa.fr\/wp-content\/uploads\/2023\/06\/Jane-F-1-1024x437.png 1024w, https:\/\/ricaa.fr\/wp-content\/uploads\/2023\/06\/Jane-F-1-300x128.png 300w, https:\/\/ricaa.fr\/wp-content\/uploads\/2023\/06\/Jane-F-1-768x328.png 768w, https:\/\/ricaa.fr\/wp-content\/uploads\/2023\/06\/Jane-F-1.png 1255w\" sizes=\"auto, (max-width: 1024px) 100vw, 1024px\" \/><\/figure><div class=\"wp-block-media-text__content\">\n<p class=\"has-text-align-center\">Jane FARRALL :<\/p>\n\n\n\n<p class=\"has-text-align-center\">\u00ab\u00a0CAA : cr\u00e9er des syst\u00e8mes pour une r\u00e9ussite individuelle\u00a0\u00bb <\/p>\n\n\n\n<p class=\"has-text-align-center\">  \/    <a rel=\"noreferrer noopener\" href=\"http:\/\/ricaa.fr\/wp-content\/uploads\/2023\/06\/1_JANE-AAC-Creating-Systems-for-Individual-Success_FR-handout.pdf\" target=\"_blank\">DIAPORAMA<\/a><\/p>\n<\/div><\/div>\n\n\n\n<hr class=\"wp-block-separator has-alpha-channel-opacity\"\/>\n\n\n\n<div class=\"wp-block-media-text alignwide has-media-on-the-right is-stacked-on-mobile\"><div class=\"wp-block-media-text__content\">\n<p class=\"has-text-align-center\">Mohamed AMRI : <\/p>\n\n\n\n<p class=\"has-text-align-center\">\u00ab\u00a0Communiquer autrement \u00e0 20 ans\u00a0\u00bb <\/p>\n\n\n\n<p class=\"has-text-align-center\"><a rel=\"noreferrer noopener\" href=\"https:\/\/youtu.be\/1bmZLvOpCO0\" target=\"_blank\">REPLAY<\/a><\/p>\n<\/div><figure class=\"wp-block-media-text__media\"><img loading=\"lazy\" decoding=\"async\" width=\"1024\" height=\"463\" src=\"https:\/\/ricaa.fr\/wp-content\/uploads\/2023\/06\/Mohamed-A-1-1024x463.png\" alt=\"\" class=\"wp-image-685 size-full\" srcset=\"https:\/\/ricaa.fr\/wp-content\/uploads\/2023\/06\/Mohamed-A-1-1024x463.png 1024w, https:\/\/ricaa.fr\/wp-content\/uploads\/2023\/06\/Mohamed-A-1-300x136.png 300w, https:\/\/ricaa.fr\/wp-content\/uploads\/2023\/06\/Mohamed-A-1-768x347.png 768w, https:\/\/ricaa.fr\/wp-content\/uploads\/2023\/06\/Mohamed-A-1.png 1264w\" sizes=\"auto, (max-width: 1024px) 100vw, 1024px\" \/><\/figure><\/div>\n\n\n\n<hr class=\"wp-block-separator has-alpha-channel-opacity\"\/>\n\n\n\n<div class=\"wp-block-media-text alignwide is-stacked-on-mobile\"><figure class=\"wp-block-media-text__media\"><img loading=\"lazy\" decoding=\"async\" width=\"1024\" height=\"423\" src=\"https:\/\/ricaa.fr\/wp-content\/uploads\/2023\/06\/Dominique-S-1024x423.png\" alt=\"\" class=\"wp-image-687 size-full\" srcset=\"https:\/\/ricaa.fr\/wp-content\/uploads\/2023\/06\/Dominique-S-1024x423.png 1024w, https:\/\/ricaa.fr\/wp-content\/uploads\/2023\/06\/Dominique-S-300x124.png 300w, https:\/\/ricaa.fr\/wp-content\/uploads\/2023\/06\/Dominique-S-768x317.png 768w, https:\/\/ricaa.fr\/wp-content\/uploads\/2023\/06\/Dominique-S.png 1257w\" sizes=\"auto, (max-width: 1024px) 100vw, 1024px\" \/><\/figure><div class=\"wp-block-media-text__content\">\n<p class=\"has-text-align-center\">Dominique SPRIET, Rokhaya THIAM : <\/p>\n\n\n\n<p class=\"has-text-align-center\">\u00ab\u00a0Construire mon identit\u00e9, construire ma m\u00e9moire avec pour support le Carnet de Parcours de Vie\u00a0\u00bb <\/p>\n\n\n\n<p class=\"has-text-align-center\"><a rel=\"noreferrer noopener\" href=\"https:\/\/youtu.be\/2UYUyIcwErg\" target=\"_blank\">REPLAY <\/a>   \/    <a rel=\"noreferrer noopener\" href=\"http:\/\/ricaa.fr\/wp-content\/uploads\/2023\/06\/3_Support-MCPV-Envoi-VF.pdf\" target=\"_blank\">DIAPORAMA<\/a><\/p>\n<\/div><\/div>\n\n\n\n<hr class=\"wp-block-separator has-alpha-channel-opacity\"\/>\n\n\n\n<div class=\"wp-block-media-text alignwide has-media-on-the-right is-stacked-on-mobile\"><div class=\"wp-block-media-text__content\">\n<p class=\"has-text-align-center\">Pr Stephen VON TETZCHNER : <\/p>\n\n\n\n<p class=\"has-text-align-center\">\u00ab\u00a0Rendre l&rsquo;environnement accessible \u00e0 la communication pour les enfants, les adolescents et les adultes avec troubles du d\u00e9veloppement qui utilisent la CAA\u00a0\u00bb<\/p>\n\n\n\n<p class=\"has-text-align-center\"><a rel=\"noreferrer noopener\" href=\"https:\/\/youtu.be\/u7N_RRdN2Ew\" target=\"_blank\">REPLAY <\/a><\/p>\n<\/div><figure class=\"wp-block-media-text__media\"><img loading=\"lazy\" decoding=\"async\" width=\"1024\" height=\"445\" src=\"https:\/\/ricaa.fr\/wp-content\/uploads\/2023\/06\/Stephen-V-1024x445.png\" alt=\"\" class=\"wp-image-688 size-full\" srcset=\"https:\/\/ricaa.fr\/wp-content\/uploads\/2023\/06\/Stephen-V-1024x445.png 1024w, https:\/\/ricaa.fr\/wp-content\/uploads\/2023\/06\/Stephen-V-300x130.png 300w, https:\/\/ricaa.fr\/wp-content\/uploads\/2023\/06\/Stephen-V-768x334.png 768w, https:\/\/ricaa.fr\/wp-content\/uploads\/2023\/06\/Stephen-V.png 1217w\" sizes=\"auto, (max-width: 1024px) 100vw, 1024px\" \/><\/figure><\/div>\n\n\n\n<hr class=\"wp-block-separator has-alpha-channel-opacity\"\/>\n\n\n\n<div class=\"wp-block-media-text alignwide is-stacked-on-mobile\"><figure class=\"wp-block-media-text__media\"><img loading=\"lazy\" decoding=\"async\" width=\"1024\" height=\"470\" src=\"https:\/\/ricaa.fr\/wp-content\/uploads\/2023\/06\/Mme-Barrau-1024x470.png\" alt=\"\" class=\"wp-image-689 size-full\" srcset=\"https:\/\/ricaa.fr\/wp-content\/uploads\/2023\/06\/Mme-Barrau-1024x470.png 1024w, https:\/\/ricaa.fr\/wp-content\/uploads\/2023\/06\/Mme-Barrau-300x138.png 300w, https:\/\/ricaa.fr\/wp-content\/uploads\/2023\/06\/Mme-Barrau-768x352.png 768w, https:\/\/ricaa.fr\/wp-content\/uploads\/2023\/06\/Mme-Barrau.png 1241w\" sizes=\"auto, (max-width: 1024px) 100vw, 1024px\" \/><\/figure><div class=\"wp-block-media-text__content\">\n<p class=\"has-text-align-center\">Marie-Regine BARRAU : <\/p>\n\n\n\n<p class=\"has-text-align-center\">\u00ab\u00a0Mon m\u00e9tro d\u2019image en image &#8211; Toulouse\u00a0\u00bb <\/p>\n\n\n\n<p class=\"has-text-align-center\"><a rel=\"noreferrer noopener\" href=\"https:\/\/youtu.be\/H6t9V86MfRo\" target=\"_blank\">REPLAY <\/a>   \/    <a rel=\"noreferrer noopener\" href=\"http:\/\/ricaa.fr\/wp-content\/uploads\/2023\/06\/5_Mon-metro-en-images.pdf\" target=\"_blank\">DIAPORAMA<\/a><\/p>\n<\/div><\/div>\n\n\n\n<hr class=\"wp-block-separator has-alpha-channel-opacity\"\/>\n\n\n\n<div class=\"wp-block-media-text alignwide has-media-on-the-right is-stacked-on-mobile\"><div class=\"wp-block-media-text__content\">\n<p class=\"has-text-align-center\">Georgia BURN : <\/p>\n\n\n\n<p class=\"has-text-align-center\">\u00ab\u00a0Pr\u00e9sentation du pictogramme \u00ab\u00a0Accessibilit\u00e9 de la Communication\u00a0\u00bb<\/p>\n\n\n\n<p class=\"has-text-align-center\"><a rel=\"noreferrer noopener\" href=\"https:\/\/youtu.be\/T19JKDMDXiQ\" target=\"_blank\">REPLAY <\/a> <\/p>\n<\/div><figure class=\"wp-block-media-text__media\"><img loading=\"lazy\" decoding=\"async\" width=\"1024\" height=\"519\" src=\"https:\/\/ricaa.fr\/wp-content\/uploads\/2023\/06\/Georgia-B-1024x519.png\" alt=\"\" class=\"wp-image-690 size-full\" srcset=\"https:\/\/ricaa.fr\/wp-content\/uploads\/2023\/06\/Georgia-B-1024x519.png 1024w, https:\/\/ricaa.fr\/wp-content\/uploads\/2023\/06\/Georgia-B-300x152.png 300w, https:\/\/ricaa.fr\/wp-content\/uploads\/2023\/06\/Georgia-B-768x389.png 768w, https:\/\/ricaa.fr\/wp-content\/uploads\/2023\/06\/Georgia-B.png 1204w\" sizes=\"auto, (max-width: 1024px) 100vw, 1024px\" \/><\/figure><\/div>\n\n\n\n<hr class=\"wp-block-separator has-alpha-channel-opacity\"\/>\n\n\n\n<div class=\"wp-block-media-text alignwide is-stacked-on-mobile\"><figure class=\"wp-block-media-text__media\"><img loading=\"lazy\" decoding=\"async\" width=\"1024\" height=\"491\" src=\"https:\/\/ricaa.fr\/wp-content\/uploads\/2023\/06\/Sophie-D-1024x491.png\" alt=\"\" class=\"wp-image-692 size-full\" srcset=\"https:\/\/ricaa.fr\/wp-content\/uploads\/2023\/06\/Sophie-D-1024x491.png 1024w, https:\/\/ricaa.fr\/wp-content\/uploads\/2023\/06\/Sophie-D-300x144.png 300w, https:\/\/ricaa.fr\/wp-content\/uploads\/2023\/06\/Sophie-D-768x368.png 768w, https:\/\/ricaa.fr\/wp-content\/uploads\/2023\/06\/Sophie-D.png 1216w\" sizes=\"auto, (max-width: 1024px) 100vw, 1024px\" \/><\/figure><div class=\"wp-block-media-text__content\">\n<p class=\"has-text-align-center\">Isabelle GONZALEZ et Sophie DALLE-NAZEBI : <\/p>\n\n\n\n<p class=\"has-text-align-center\">\u00ab\u00a0Accessibilit\u00e9 des urgences en conversation totale augment\u00e9e par l\u2019image &#8211; Adapter le Centre National Relais 114 aux personnes aphasiques\u00a0\u00bb<\/p>\n\n\n\n<p class=\"has-text-align-center\">      <a rel=\"noreferrer noopener\" href=\"http:\/\/ricaa.fr\/wp-content\/uploads\/2023\/06\/7b_DALLE-GONZALEZ-2023-05_RICAA_APHA114-DER.pdf\" target=\"_blank\">DIAPORAMA<\/a><\/p>\n<\/div><\/div>\n\n\n\n<hr class=\"wp-block-separator has-alpha-channel-opacity\"\/>\n\n\n\n<div class=\"wp-block-media-text alignwide has-media-on-the-right is-stacked-on-mobile\"><div class=\"wp-block-media-text__content\">\n<p class=\"has-text-align-center\">Jane FARRALL et Helen TAINSH : <\/p>\n\n\n\n<p class=\"has-text-align-center\">\u00ab\u00a0Acc\u00e8s \u00e0 la communication pour TOUS les \u00e9l\u00e8ves\u00a0\u00bb<\/p>\n\n\n\n<p class=\"has-text-align-center\">   \/    <a rel=\"noreferrer noopener\" href=\"http:\/\/ricaa.fr\/wp-content\/uploads\/2023\/06\/7a_JANEHELEN-Communication-Access-for-ALL-Students-FR-handout.pdf\" target=\"_blank\">DIAPORAMA<\/a>    \/    <\/p>\n\n\n\n<p class=\"has-text-align-center\"><a rel=\"noreferrer noopener\" href=\"http:\/\/ricaa.fr\/wp-content\/uploads\/2023\/06\/7a_JANEHELEN-Profil-de-Communication-de-la-Classe.pdf\" target=\"_blank\">Profil de Communication de la Classe<\/a><\/p>\n<\/div><figure class=\"wp-block-media-text__media\"><img loading=\"lazy\" decoding=\"async\" width=\"1024\" height=\"437\" src=\"https:\/\/ricaa.fr\/wp-content\/uploads\/2023\/06\/Jane-F-2-1-1024x437.png\" alt=\"\" class=\"wp-image-711 size-full\" srcset=\"https:\/\/ricaa.fr\/wp-content\/uploads\/2023\/06\/Jane-F-2-1-1024x437.png 1024w, https:\/\/ricaa.fr\/wp-content\/uploads\/2023\/06\/Jane-F-2-1-300x128.png 300w, https:\/\/ricaa.fr\/wp-content\/uploads\/2023\/06\/Jane-F-2-1-768x328.png 768w, https:\/\/ricaa.fr\/wp-content\/uploads\/2023\/06\/Jane-F-2-1.png 1156w\" sizes=\"auto, (max-width: 1024px) 100vw, 1024px\" \/><\/figure><\/div>\n\n\n\n<hr class=\"wp-block-separator has-alpha-channel-opacity\"\/>\n\n\n\n<div class=\"wp-block-media-text alignwide is-stacked-on-mobile\"><figure class=\"wp-block-media-text__media\"><img loading=\"lazy\" decoding=\"async\" width=\"1024\" height=\"455\" src=\"https:\/\/ricaa.fr\/wp-content\/uploads\/2023\/06\/Christelle-M-1024x455.png\" alt=\"\" class=\"wp-image-694 size-full\" srcset=\"https:\/\/ricaa.fr\/wp-content\/uploads\/2023\/06\/Christelle-M-1024x455.png 1024w, https:\/\/ricaa.fr\/wp-content\/uploads\/2023\/06\/Christelle-M-300x133.png 300w, https:\/\/ricaa.fr\/wp-content\/uploads\/2023\/06\/Christelle-M-768x342.png 768w, https:\/\/ricaa.fr\/wp-content\/uploads\/2023\/06\/Christelle-M.png 1149w\" sizes=\"auto, (max-width: 1024px) 100vw, 1024px\" \/><\/figure><div class=\"wp-block-media-text__content\">\n<p class=\"has-text-align-center\">Christelle MAILLART : <\/p>\n\n\n\n<p class=\"has-text-align-center\">\u00ab\u00a0Collaborer avec les partenaires de CAA\u00a0\u00bb<\/p>\n\n\n\n<p class=\"has-text-align-center\"><a href=\"https:\/\/youtu.be\/JKAd-2ex1ag\" target=\"_blank\" rel=\"noreferrer noopener\">REPLAY <\/a>    \/    <a rel=\"noreferrer noopener\" href=\"http:\/\/ricaa.fr\/wp-content\/uploads\/2023\/06\/8_maillart-CAA-toulouse-2023.pdf\" target=\"_blank\">DIAPORAMA<\/a><\/p>\n<\/div><\/div>\n\n\n\n<hr class=\"wp-block-separator has-alpha-channel-opacity\"\/>\n\n\n\n<div class=\"wp-block-media-text alignwide has-media-on-the-right is-stacked-on-mobile\"><div class=\"wp-block-media-text__content\">\n<p class=\"has-text-align-center\">T\u00e9moignages d&rsquo;utilisateurs de communication &#8211; Film r\u00e9alis\u00e9 dans le cadre de l&rsquo;atelier communication Centre Philiae, ASEI, Ramonville-Sainte-Agne<\/p>\n\n\n\n<p class=\"has-text-align-center\"><a rel=\"noreferrer noopener\" href=\"https:\/\/youtu.be\/SXoJdqeeDyM\" target=\"_blank\">REPLAY<\/a><\/p>\n<\/div><figure class=\"wp-block-media-text__media\"><img loading=\"lazy\" decoding=\"async\" width=\"1024\" height=\"526\" src=\"https:\/\/ricaa.fr\/wp-content\/uploads\/2023\/06\/Jeunes-ASEI-1-1024x526.png\" alt=\"\" class=\"wp-image-718 size-full\" srcset=\"https:\/\/ricaa.fr\/wp-content\/uploads\/2023\/06\/Jeunes-ASEI-1-1024x526.png 1024w, https:\/\/ricaa.fr\/wp-content\/uploads\/2023\/06\/Jeunes-ASEI-1-300x154.png 300w, https:\/\/ricaa.fr\/wp-content\/uploads\/2023\/06\/Jeunes-ASEI-1-768x395.png 768w, https:\/\/ricaa.fr\/wp-content\/uploads\/2023\/06\/Jeunes-ASEI-1.png 1109w\" sizes=\"auto, (max-width: 1024px) 100vw, 1024px\" \/><\/figure><\/div>\n\n\n\n<hr class=\"wp-block-separator has-alpha-channel-opacity\"\/>\n\n\n\n<div class=\"wp-block-media-text alignwide is-stacked-on-mobile\"><figure class=\"wp-block-media-text__media\"><img loading=\"lazy\" decoding=\"async\" width=\"1024\" height=\"437\" src=\"https:\/\/ricaa.fr\/wp-content\/uploads\/2023\/06\/Helen-T-1024x437.png\" alt=\"\" class=\"wp-image-695 size-full\" srcset=\"https:\/\/ricaa.fr\/wp-content\/uploads\/2023\/06\/Helen-T-1024x437.png 1024w, https:\/\/ricaa.fr\/wp-content\/uploads\/2023\/06\/Helen-T-300x128.png 300w, https:\/\/ricaa.fr\/wp-content\/uploads\/2023\/06\/Helen-T-768x328.png 768w, https:\/\/ricaa.fr\/wp-content\/uploads\/2023\/06\/Helen-T.png 1180w\" sizes=\"auto, (max-width: 1024px) 100vw, 1024px\" \/><\/figure><div class=\"wp-block-media-text__content\">\n<p class=\"has-text-align-center\">Helen TAINSH : <\/p>\n\n\n\n<p class=\"has-text-align-center\">\u00ab\u00a0Il faut \u00eatre deux : le r\u00f4le du partenaire de communication dans le d\u00e9veloppement de la CAA\u00a0\u00bb<\/p>\n\n\n\n<p class=\"has-text-align-center\"><a rel=\"noreferrer noopener\" href=\"https:\/\/youtu.be\/izAAiPRnCoo\" target=\"_blank\">REPLAY <\/a>   \/    <a rel=\"noreferrer noopener\" href=\"http:\/\/ricaa.fr\/wp-content\/uploads\/2023\/06\/10_TAINSH_It-takes-two_FR.pdf\" target=\"_blank\">DIAPORAMA<\/a><\/p>\n<\/div><\/div>\n\n\n\n<hr class=\"wp-block-separator has-alpha-channel-opacity\"\/>\n\n\n\n<div class=\"wp-block-media-text alignwide has-media-on-the-right is-stacked-on-mobile\"><div class=\"wp-block-media-text__content\">\n<p class=\"has-text-align-center\">St\u00e9phane JULLIEN : <\/p>\n\n\n\n<p class=\"has-text-align-center\">\u00ab\u00a0La collaboration entre partenaires de communication dans le cadre de la CAA &#8211; Un exemple de moyen d\u2019\u00e9valuation en ligne\u00a0\u00bb<\/p>\n\n\n\n<p class=\"has-text-align-center\"><a rel=\"noreferrer noopener\" href=\"https:\/\/youtu.be\/Q52i74p8kNI\" target=\"_blank\">REPLAY <\/a>   \/    <a rel=\"noreferrer noopener\" href=\"http:\/\/ricaa.fr\/wp-content\/uploads\/2023\/06\/11a_Presentation-Stephane-Jullien.pdf\" target=\"_blank\">DIAPORAMA<\/a><\/p>\n<\/div><figure class=\"wp-block-media-text__media\"><img loading=\"lazy\" decoding=\"async\" width=\"1024\" height=\"427\" src=\"https:\/\/ricaa.fr\/wp-content\/uploads\/2023\/06\/Stephane-J-1024x427.png\" alt=\"\" class=\"wp-image-696 size-full\" srcset=\"https:\/\/ricaa.fr\/wp-content\/uploads\/2023\/06\/Stephane-J-1024x427.png 1024w, https:\/\/ricaa.fr\/wp-content\/uploads\/2023\/06\/Stephane-J-300x125.png 300w, https:\/\/ricaa.fr\/wp-content\/uploads\/2023\/06\/Stephane-J-768x320.png 768w, https:\/\/ricaa.fr\/wp-content\/uploads\/2023\/06\/Stephane-J.png 1230w\" sizes=\"auto, (max-width: 1024px) 100vw, 1024px\" \/><\/figure><\/div>\n\n\n\n<hr class=\"wp-block-separator has-alpha-channel-opacity\"\/>\n\n\n\n<div class=\"wp-block-media-text alignwide is-stacked-on-mobile\"><figure class=\"wp-block-media-text__media\"><img loading=\"lazy\" decoding=\"async\" width=\"1024\" height=\"381\" src=\"https:\/\/ricaa.fr\/wp-content\/uploads\/2023\/06\/Ophelie-N-1024x381.png\" alt=\"\" class=\"wp-image-697 size-full\" srcset=\"https:\/\/ricaa.fr\/wp-content\/uploads\/2023\/06\/Ophelie-N-1024x381.png 1024w, https:\/\/ricaa.fr\/wp-content\/uploads\/2023\/06\/Ophelie-N-300x112.png 300w, https:\/\/ricaa.fr\/wp-content\/uploads\/2023\/06\/Ophelie-N-768x286.png 768w, https:\/\/ricaa.fr\/wp-content\/uploads\/2023\/06\/Ophelie-N.png 1210w\" sizes=\"auto, (max-width: 1024px) 100vw, 1024px\" \/><\/figure><div class=\"wp-block-media-text__content\">\n<p class=\"has-text-align-center\">Oph\u00e9lie NARTZ : <\/p>\n\n\n\n<p class=\"has-text-align-center\">\u00ab\u00a0La culture \u00e0 l\u2019\u0153uvre dans les relations avec les partenaires de communication en CAA\u00a0\u00bb<\/p>\n\n\n\n<p class=\"has-text-align-center\">   <a href=\"https:\/\/www.youtube.com\/watch?v=NseN9XAfE7w\" target=\"_blank\" rel=\"noreferrer noopener\">REPLAY<\/a>    \/     <a rel=\"noreferrer noopener\" href=\"http:\/\/ricaa.fr\/wp-content\/uploads\/2023\/06\/11b_La-culture-a-loeuvre-avec-les-parte-naires-de-CAACompatibility-Mode.pdf\" target=\"_blank\">DIAPORAMA<\/a><\/p>\n<\/div><\/div>\n\n\n\n<hr class=\"wp-block-separator has-alpha-channel-opacity\"\/>\n\n\n\n<div class=\"wp-block-media-text alignwide has-media-on-the-right is-stacked-on-mobile\"><div class=\"wp-block-media-text__content\">\n<p class=\"has-text-align-center\">Kathy HOWERY : <\/p>\n\n\n\n<p class=\"has-text-align-center\">\u00ab\u00a0Le concept de voix : l&rsquo;exp\u00e9rience v\u00e9cue des utilisateurs de communication assist\u00e9e\u00a0\u00bb<\/p>\n\n\n\n<p class=\"has-text-align-center\"><a rel=\"noreferrer noopener\" href=\"https:\/\/youtu.be\/kqSiR76dEpI\" target=\"_blank\">REPLAY <\/a><\/p>\n<\/div><figure class=\"wp-block-media-text__media\"><img loading=\"lazy\" decoding=\"async\" width=\"1024\" height=\"443\" src=\"https:\/\/ricaa.fr\/wp-content\/uploads\/2023\/06\/Kathy-H-1024x443.png\" alt=\"\" class=\"wp-image-699 size-full\" srcset=\"https:\/\/ricaa.fr\/wp-content\/uploads\/2023\/06\/Kathy-H-1024x443.png 1024w, https:\/\/ricaa.fr\/wp-content\/uploads\/2023\/06\/Kathy-H-300x130.png 300w, https:\/\/ricaa.fr\/wp-content\/uploads\/2023\/06\/Kathy-H-768x332.png 768w, https:\/\/ricaa.fr\/wp-content\/uploads\/2023\/06\/Kathy-H.png 1235w\" sizes=\"auto, (max-width: 1024px) 100vw, 1024px\" \/><\/figure><\/div>\n\n\n\n<hr class=\"wp-block-separator has-alpha-channel-opacity\"\/>\n\n\n\n<div class=\"wp-block-media-text alignwide is-stacked-on-mobile\"><figure class=\"wp-block-media-text__media\"><img loading=\"lazy\" decoding=\"async\" width=\"1024\" height=\"462\" src=\"https:\/\/ricaa.fr\/wp-content\/uploads\/2023\/06\/Helen-L-1024x462.png\" alt=\"\" class=\"wp-image-700 size-full\" srcset=\"https:\/\/ricaa.fr\/wp-content\/uploads\/2023\/06\/Helen-L-1024x462.png 1024w, https:\/\/ricaa.fr\/wp-content\/uploads\/2023\/06\/Helen-L-300x135.png 300w, https:\/\/ricaa.fr\/wp-content\/uploads\/2023\/06\/Helen-L-768x346.png 768w, https:\/\/ricaa.fr\/wp-content\/uploads\/2023\/06\/Helen-L.png 1098w\" sizes=\"auto, (max-width: 1024px) 100vw, 1024px\" \/><\/figure><div class=\"wp-block-media-text__content\">\n<p class=\"has-text-align-center\">H\u00e9l\u00e8ne LOEVENBRUCK : <\/p>\n\n\n\n<p class=\"has-text-align-center\">\u00ab\u00a0Les voix en soi : diversit\u00e9 des formes de langage int\u00e9rieur\u00a0\u00bb&nbsp;<\/p>\n\n\n\n<p class=\"has-text-align-center\"><a rel=\"noreferrer noopener\" href=\"https:\/\/youtu.be\/24xM8-1grBA\" target=\"_blank\">REPLAY <\/a>   \/    <a rel=\"noreferrer noopener\" href=\"http:\/\/ricaa.fr\/wp-content\/uploads\/2023\/06\/13_Loevenbruck_RICAA_Toulouse_2023.pdf\" target=\"_blank\">DIAPORAMA<\/a><\/p>\n<\/div><\/div>\n\n\n\n<hr class=\"wp-block-separator has-alpha-channel-opacity\"\/>\n\n\n\n<div class=\"wp-block-media-text alignwide has-media-on-the-right is-stacked-on-mobile\"><div class=\"wp-block-media-text__content\">\n<p class=\"has-text-align-center\">Chlo\u00e9 VALENTIN : <\/p>\n\n\n\n<p class=\"has-text-align-center\">\u00ab\u00a0parler\u00a0\u00bb \u00e0 travers une voix de synth\u00e8se command\u00e9e par le regard\u00a0\u00bb <\/p>\n\n\n\n<p class=\"has-text-align-center\"><a rel=\"noreferrer noopener\" href=\"https:\/\/youtu.be\/hyP7bboOQTg\" target=\"_blank\">REPLAY<\/a><\/p>\n<\/div><figure class=\"wp-block-media-text__media\"><img loading=\"lazy\" decoding=\"async\" width=\"1024\" height=\"532\" src=\"https:\/\/ricaa.fr\/wp-content\/uploads\/2023\/06\/Chloe-V-1-1024x532.png\" alt=\"\" class=\"wp-image-713 size-full\" srcset=\"https:\/\/ricaa.fr\/wp-content\/uploads\/2023\/06\/Chloe-V-1-1024x532.png 1024w, https:\/\/ricaa.fr\/wp-content\/uploads\/2023\/06\/Chloe-V-1-300x156.png 300w, https:\/\/ricaa.fr\/wp-content\/uploads\/2023\/06\/Chloe-V-1-768x399.png 768w, https:\/\/ricaa.fr\/wp-content\/uploads\/2023\/06\/Chloe-V-1.png 1221w\" sizes=\"auto, (max-width: 1024px) 100vw, 1024px\" \/><\/figure><\/div>\n\n\n\n<hr class=\"wp-block-separator has-alpha-channel-opacity\"\/>\n\n\n\n<div class=\"wp-block-media-text alignwide is-stacked-on-mobile\"><figure class=\"wp-block-media-text__media\"><img loading=\"lazy\" decoding=\"async\" width=\"1024\" height=\"430\" src=\"https:\/\/ricaa.fr\/wp-content\/uploads\/2023\/06\/Marion-D-1024x430.png\" alt=\"\" class=\"wp-image-702 size-full\" srcset=\"https:\/\/ricaa.fr\/wp-content\/uploads\/2023\/06\/Marion-D-1024x430.png 1024w, https:\/\/ricaa.fr\/wp-content\/uploads\/2023\/06\/Marion-D-300x126.png 300w, https:\/\/ricaa.fr\/wp-content\/uploads\/2023\/06\/Marion-D-768x323.png 768w, https:\/\/ricaa.fr\/wp-content\/uploads\/2023\/06\/Marion-D.png 1240w\" sizes=\"auto, (max-width: 1024px) 100vw, 1024px\" \/><\/figure><div class=\"wp-block-media-text__content\">\n<p class=\"has-text-align-center\">Marion DOHEN : <\/p>\n\n\n\n<p class=\"has-text-align-center\">\u00ab\u00a0La voix oui, mais pas que&nbsp;: Multimodalit\u00e9 et CAA\u00a0\u00bb<\/p>\n\n\n\n<p class=\"has-text-align-center\"><\/p>\n<\/div><\/div>\n\n\n\n<hr class=\"wp-block-separator has-alpha-channel-opacity\"\/>\n\n\n\n<div class=\"wp-block-media-text alignwide has-media-on-the-right is-stacked-on-mobile\"><div class=\"wp-block-media-text__content\">\n<p class=\"has-text-align-center\">Discours de cl\u00f4ture&nbsp;<\/p>\n\n\n\n<p class=\"has-text-align-center\"><a rel=\"noreferrer noopener\" href=\"https:\/\/youtu.be\/IhbMm6bulgE\" target=\"_blank\">REPLAY<\/a> <\/p>\n<\/div><figure class=\"wp-block-media-text__media\"><img loading=\"lazy\" decoding=\"async\" width=\"867\" height=\"468\" src=\"https:\/\/ricaa.fr\/wp-content\/uploads\/2023\/06\/Cloture.png\" alt=\"\" class=\"wp-image-703 size-full\" srcset=\"https:\/\/ricaa.fr\/wp-content\/uploads\/2023\/06\/Cloture.png 867w, https:\/\/ricaa.fr\/wp-content\/uploads\/2023\/06\/Cloture-300x162.png 300w, https:\/\/ricaa.fr\/wp-content\/uploads\/2023\/06\/Cloture-768x415.png 768w\" sizes=\"auto, (max-width: 867px) 100vw, 867px\" \/><\/figure><\/div>\n\n\n\n<hr class=\"wp-block-separator has-alpha-channel-opacity\"\/>\n\n\n\n<p class=\"has-small-font-size\">Mise \u00e0 jour : 30 juin 2023<\/p>\n","protected":false},"excerpt":{"rendered":"<p>Programme RICAA 2023 : TELECHARGER Discours d&rsquo;ouverture REPLAY Jane FARRALL : \u00ab\u00a0CAA : cr\u00e9er des syst\u00e8mes pour une r\u00e9ussite individuelle\u00a0\u00bb \/ DIAPORAMA Mohamed AMRI : \u00ab\u00a0Communiquer autrement \u00e0 20 ans\u00a0\u00bb REPLAY Dominique SPRIET, Rokhaya THIAM : \u00ab\u00a0Construire mon identit\u00e9, construire ma m\u00e9moire avec pour support le Carnet de Parcours de Vie\u00a0\u00bb REPLAY \/ DIAPORAMA Pr [&hellip;]<\/p>\n","protected":false},"author":2,"featured_media":0,"parent":0,"menu_order":0,"comment_status":"closed","ping_status":"closed","template":"","meta":{"footnotes":""},"class_list":["post-77","page","type-page","status-publish","hentry"],"_links":{"self":[{"href":"https:\/\/ricaa.fr\/index.php?rest_route=\/wp\/v2\/pages\/77","targetHints":{"allow":["GET"]}}],"collection":[{"href":"https:\/\/ricaa.fr\/index.php?rest_route=\/wp\/v2\/pages"}],"about":[{"href":"https:\/\/ricaa.fr\/index.php?rest_route=\/wp\/v2\/types\/page"}],"author":[{"embeddable":true,"href":"https:\/\/ricaa.fr\/index.php?rest_route=\/wp\/v2\/users\/2"}],"replies":[{"embeddable":true,"href":"https:\/\/ricaa.fr\/index.php?rest_route=%2Fwp%2Fv2%2Fcomments&post=77"}],"version-history":[{"count":118,"href":"https:\/\/ricaa.fr\/index.php?rest_route=\/wp\/v2\/pages\/77\/revisions"}],"predecessor-version":[{"id":1906,"href":"https:\/\/ricaa.fr\/index.php?rest_route=\/wp\/v2\/pages\/77\/revisions\/1906"}],"wp:attachment":[{"href":"https:\/\/ricaa.fr\/index.php?rest_route=%2Fwp%2Fv2%2Fmedia&parent=77"}],"curies":[{"name":"wp","href":"https:\/\/api.w.org\/{rel}","templated":true}]}}